{"id":3419,"date":"2023-11-14T11:23:09","date_gmt":"2023-11-14T09:23:09","guid":{"rendered":"https:\/\/uusikalenteri.niemikoti.fi\/?post_type=tribe_events&#038;p=3419"},"modified":"2023-11-21T06:42:44","modified_gmt":"2023-11-21T04:42:44","slug":"myllypadon-perinteinen-glogijuhla-29-11-kello-14-18","status":"publish","type":"tribe_events","link":"https:\/\/kalenteri.niemikoti.fi\/en\/tapahtuma\/myllypadon-perinteinen-glogijuhla-29-11-kello-14-18\/","title":{"rendered":"Myllypadon perinteinen gl\u00f6gijuhla 29.11. kello 14-18"},"content":{"rendered":"<p>Ilmoittautuminen 19.11.2023 menness\u00e4 &#109;&#x79;&#x6c;l&#121;&#x70;a&#116;&#x6f;&#64;&#110;&#x69;e&#109;&#x69;&#x6b;&#111;&#x74;&#x69;&#46;&#102;&#x69; tai 040 544 3282<\/p>\n","protected":false},"excerpt":{"rendered":"<p>Ilmoittautuminen 19.11.2023 menness\u00e4 myllypat&#111;&#64;&#110;&#105;&#101;&#109;&#105;&#107;&#111;&#116;&#x69;&#x2e;&#x66;&#x69; tai 040 544 3282<\/p>\n","protected":false},"author":14,"featured_media":3421,"template":"","meta":{"_kad_blocks_custom_css":"","_kad_blocks_head_custom_js":"","_kad_blocks_body_custom_js":"","_kad_blocks_footer_custom_js":"","_kad_post_transparent":"","_kad_post_title":"","_kad_post_layout":"","_kad_post_sidebar_id":"","_kad_post_content_style":"","_kad_post_vertical_padding":"","_kad_post_feature":"","_kad_post_feature_position":"","_kad_post_header":false,"_kad_post_footer":false,"_kad_post_classname":"","cybocfi_hide_featured_image":"","_tribe_events_status":"","_tribe_events_status_reason":"","_tribe_events_is_hybrid":"","_tribe_events_is_virtual":"","_tribe_events_virtual_video_source":"","_tribe_events_virtual_embed_video":"","_tribe_events_virtual_linked_button_text":"","_tribe_events_virtual_linked_button":"","_tribe_events_virtual_show_embed_at":"","_tribe_events_virtual_show_embed_to":[],"_tribe_events_virtual_show_on_event":"","_tribe_events_virtual_show_on_views":"","_tribe_events_virtual_url":"","footnotes":"","_links_to":"","_links_to_target":""},"tags":[73,74,72],"tribe_events_cat":[41],"class_list":["post-3419","tribe_events","type-tribe_events","status-publish","has-post-thumbnail","hentry","tag-joulu","tag-kaikille","tag-muut-kiinnostavat-tapahtumat","tribe_events_cat-asumispalvelut","cat_asumispalvelut"],"yoast_head":"<!-- This site is optimized with the Yoast SEO plugin v27.3 - https:\/\/yoast.com\/product\/yoast-seo-wordpress\/ -->\n<title>Myllypadon perinteinen gl\u00f6gijuhla 29.11. kello 14-18 - Tapahtumakalenteri<\/title>\n<meta name=\"robots\" content=\"index, follow, max-snippet:-1, max-image-preview:large, max-video-preview:-1\" \/>\n<link rel=\"canonical\" href=\"https:\/\/kalenteri.niemikoti.fi\/en\/tapahtuma\/myllypadon-perinteinen-glogijuhla-29-11-kello-14-18\/\" \/>\n<meta property=\"og:locale\" content=\"en_US\" \/>\n<meta property=\"og:type\" content=\"article\" \/>\n<meta property=\"og:title\" content=\"Myllypadon perinteinen gl\u00f6gijuhla 29.11. kello 14-18 - Tapahtumakalenteri\" \/>\n<meta property=\"og:description\" content=\"Ilmoittautuminen 19.11.2023 menness\u00e4 &#109;y&#x6c;l&#x79;p&#x61;t&#x6f;&#064;&#x6e;&#105;&#x65;&#109;&#x69;&#107;o&#116;i&#x2e;f&#x69; tai 040 544 3282\" \/>\n<meta property=\"og:url\" content=\"https:\/\/kalenteri.niemikoti.fi\/en\/tapahtuma\/myllypadon-perinteinen-glogijuhla-29-11-kello-14-18\/\" \/>\n<meta property=\"og:site_name\" content=\"Tapahtumakalenteri\" \/>\n<meta property=\"article:modified_time\" content=\"2023-11-21T04:42:44+00:00\" \/>\n<meta property=\"og:image\" content=\"https:\/\/kalenteri.niemikoti.fi\/wp-content\/uploads\/sites\/24\/2023\/11\/Glogijuhlakutsu2023-scaled.jpg\" \/>\n\t<meta property=\"og:image:width\" content=\"1810\" \/>\n\t<meta property=\"og:image:height\" content=\"2560\" \/>\n\t<meta property=\"og:image:type\" content=\"image\/jpeg\" \/>\n<meta name=\"twitter:card\" content=\"summary_large_image\" \/>\n<script type=\"application\/ld+json\" class=\"yoast-schema-graph\">{\"@context\":\"https:\\\/\\\/schema.org\",\"@graph\":[{\"@type\":\"WebPage\",\"@id\":\"https:\\\/\\\/kalenteri.niemikoti.fi\\\/en\\\/tapahtuma\\\/myllypadon-perinteinen-glogijuhla-29-11-kello-14-18\\\/\",\"url\":\"https:\\\/\\\/kalenteri.niemikoti.fi\\\/en\\\/tapahtuma\\\/myllypadon-perinteinen-glogijuhla-29-11-kello-14-18\\\/\",\"name\":\"Myllypadon perinteinen gl\u00f6gijuhla 29.11. kello 14-18 - Tapahtumakalenteri\",\"isPartOf\":{\"@id\":\"https:\\\/\\\/kalenteri.niemikoti.fi\\\/en\\\/#website\"},\"primaryImageOfPage\":{\"@id\":\"https:\\\/\\\/kalenteri.niemikoti.fi\\\/en\\\/tapahtuma\\\/myllypadon-perinteinen-glogijuhla-29-11-kello-14-18\\\/#primaryimage\"},\"image\":{\"@id\":\"https:\\\/\\\/kalenteri.niemikoti.fi\\\/en\\\/tapahtuma\\\/myllypadon-perinteinen-glogijuhla-29-11-kello-14-18\\\/#primaryimage\"},\"thumbnailUrl\":\"https:\\\/\\\/kalenteri.niemikoti.fi\\\/wp-content\\\/uploads\\\/2023\\\/11\\\/Glogijuhlakutsu2023-scaled.jpg\",\"datePublished\":\"2023-11-14T09:23:09+00:00\",\"dateModified\":\"2023-11-21T04:42:44+00:00\",\"breadcrumb\":{\"@id\":\"https:\\\/\\\/kalenteri.niemikoti.fi\\\/en\\\/tapahtuma\\\/myllypadon-perinteinen-glogijuhla-29-11-kello-14-18\\\/#breadcrumb\"},\"inLanguage\":\"en-US\",\"potentialAction\":[{\"@type\":\"ReadAction\",\"target\":[\"https:\\\/\\\/kalenteri.niemikoti.fi\\\/en\\\/tapahtuma\\\/myllypadon-perinteinen-glogijuhla-29-11-kello-14-18\\\/\"]}]},{\"@type\":\"ImageObject\",\"inLanguage\":\"en-US\",\"@id\":\"https:\\\/\\\/kalenteri.niemikoti.fi\\\/en\\\/tapahtuma\\\/myllypadon-perinteinen-glogijuhla-29-11-kello-14-18\\\/#primaryimage\",\"url\":\"https:\\\/\\\/kalenteri.niemikoti.fi\\\/wp-content\\\/uploads\\\/2023\\\/11\\\/Glogijuhlakutsu2023-scaled.jpg\",\"contentUrl\":\"https:\\\/\\\/kalenteri.niemikoti.fi\\\/wp-content\\\/uploads\\\/2023\\\/11\\\/Glogijuhlakutsu2023-scaled.jpg\",\"width\":1810,\"height\":2560},{\"@type\":\"BreadcrumbList\",\"@id\":\"https:\\\/\\\/kalenteri.niemikoti.fi\\\/en\\\/tapahtuma\\\/myllypadon-perinteinen-glogijuhla-29-11-kello-14-18\\\/#breadcrumb\",\"itemListElement\":[{\"@type\":\"ListItem\",\"position\":1,\"name\":\"Home\",\"item\":\"https:\\\/\\\/kalenteri.niemikoti.fi\\\/en\\\/\"},{\"@type\":\"ListItem\",\"position\":2,\"name\":\"Events\",\"item\":\"https:\\\/\\\/kalenteri.niemikoti.fi\\\/en\\\/tapahtumat\\\/\"},{\"@type\":\"ListItem\",\"position\":3,\"name\":\"Myllypadon perinteinen gl\u00f6gijuhla 29.11. kello 14-18\"}]},{\"@type\":\"WebSite\",\"@id\":\"https:\\\/\\\/kalenteri.niemikoti.fi\\\/en\\\/#website\",\"url\":\"https:\\\/\\\/kalenteri.niemikoti.fi\\\/en\\\/\",\"name\":\"Tapahtumakalenteri\",\"description\":\"Niemikotis\u00e4\u00e4ti\u00f6n tapahtumat palvelujen k\u00e4ytt\u00e4jille\",\"publisher\":{\"@id\":\"https:\\\/\\\/kalenteri.niemikoti.fi\\\/en\\\/#organization\"},\"potentialAction\":[{\"@type\":\"SearchAction\",\"target\":{\"@type\":\"EntryPoint\",\"urlTemplate\":\"https:\\\/\\\/kalenteri.niemikoti.fi\\\/en\\\/?s={search_term_string}\"},\"query-input\":{\"@type\":\"PropertyValueSpecification\",\"valueRequired\":true,\"valueName\":\"search_term_string\"}}],\"inLanguage\":\"en-US\"},{\"@type\":\"Organization\",\"@id\":\"https:\\\/\\\/kalenteri.niemikoti.fi\\\/en\\\/#organization\",\"name\":\"Tapahtumakalenteri\",\"url\":\"https:\\\/\\\/kalenteri.niemikoti.fi\\\/en\\\/\",\"logo\":{\"@type\":\"ImageObject\",\"inLanguage\":\"en-US\",\"@id\":\"https:\\\/\\\/kalenteri.niemikoti.fi\\\/en\\\/#\\\/schema\\\/logo\\\/image\\\/\",\"url\":\"https:\\\/\\\/kalenteri.niemikoti.fi\\\/wp-content\\\/uploads\\\/2024\\\/01\\\/niemikoti-paraspaikkatoipua.png\",\"contentUrl\":\"https:\\\/\\\/kalenteri.niemikoti.fi\\\/wp-content\\\/uploads\\\/2024\\\/01\\\/niemikoti-paraspaikkatoipua.png\",\"width\":751,\"height\":337,\"caption\":\"Tapahtumakalenteri\"},\"image\":{\"@id\":\"https:\\\/\\\/kalenteri.niemikoti.fi\\\/en\\\/#\\\/schema\\\/logo\\\/image\\\/\"}}]}<\/script>\n<!-- \/ Yoast SEO plugin. -->","yoast_head_json":{"title":"Myllypadon perinteinen gl\u00f6gijuhla 29.11. kello 14-18 - Tapahtumakalenteri","robots":{"index":"index","follow":"follow","max-snippet":"max-snippet:-1","max-image-preview":"max-image-preview:large","max-video-preview":"max-video-preview:-1"},"canonical":"https:\/\/kalenteri.niemikoti.fi\/en\/tapahtuma\/myllypadon-perinteinen-glogijuhla-29-11-kello-14-18\/","og_locale":"en_US","og_type":"article","og_title":"Myllypadon perinteinen gl\u00f6gijuhla 29.11. kello 14-18 - Tapahtumakalenteri","og_description":"Ilmoittautuminen 19.11.2023 menness\u00e4 &#109;&#x79;&#x6c;l&#121;&#x70;a&#116;&#x6f;&#64;&#110;&#x69;e&#109;&#x69;&#x6b;&#111;&#x74;&#x69;&#46;&#102;&#x69; tai 040 544 3282","og_url":"https:\/\/kalenteri.niemikoti.fi\/en\/tapahtuma\/myllypadon-perinteinen-glogijuhla-29-11-kello-14-18\/","og_site_name":"Tapahtumakalenteri","article_modified_time":"2023-11-21T04:42:44+00:00","og_image":[{"width":1810,"height":2560,"url":"https:\/\/kalenteri.niemikoti.fi\/wp-content\/uploads\/sites\/24\/2023\/11\/Glogijuhlakutsu2023-scaled.jpg","type":"image\/jpeg"}],"twitter_card":"summary_large_image","schema":{"@context":"https:\/\/schema.org","@graph":[{"@type":"WebPage","@id":"https:\/\/kalenteri.niemikoti.fi\/en\/tapahtuma\/myllypadon-perinteinen-glogijuhla-29-11-kello-14-18\/","url":"https:\/\/kalenteri.niemikoti.fi\/en\/tapahtuma\/myllypadon-perinteinen-glogijuhla-29-11-kello-14-18\/","name":"Myllypadon perinteinen gl\u00f6gijuhla 29.11. kello 14-18 - Tapahtumakalenteri","isPartOf":{"@id":"https:\/\/kalenteri.niemikoti.fi\/en\/#website"},"primaryImageOfPage":{"@id":"https:\/\/kalenteri.niemikoti.fi\/en\/tapahtuma\/myllypadon-perinteinen-glogijuhla-29-11-kello-14-18\/#primaryimage"},"image":{"@id":"https:\/\/kalenteri.niemikoti.fi\/en\/tapahtuma\/myllypadon-perinteinen-glogijuhla-29-11-kello-14-18\/#primaryimage"},"thumbnailUrl":"https:\/\/kalenteri.niemikoti.fi\/wp-content\/uploads\/2023\/11\/Glogijuhlakutsu2023-scaled.jpg","datePublished":"2023-11-14T09:23:09+00:00","dateModified":"2023-11-21T04:42:44+00:00","breadcrumb":{"@id":"https:\/\/kalenteri.niemikoti.fi\/en\/tapahtuma\/myllypadon-perinteinen-glogijuhla-29-11-kello-14-18\/#breadcrumb"},"inLanguage":"en-US","potentialAction":[{"@type":"ReadAction","target":["https:\/\/kalenteri.niemikoti.fi\/en\/tapahtuma\/myllypadon-perinteinen-glogijuhla-29-11-kello-14-18\/"]}]},{"@type":"ImageObject","inLanguage":"en-US","@id":"https:\/\/kalenteri.niemikoti.fi\/en\/tapahtuma\/myllypadon-perinteinen-glogijuhla-29-11-kello-14-18\/#primaryimage","url":"https:\/\/kalenteri.niemikoti.fi\/wp-content\/uploads\/2023\/11\/Glogijuhlakutsu2023-scaled.jpg","contentUrl":"https:\/\/kalenteri.niemikoti.fi\/wp-content\/uploads\/2023\/11\/Glogijuhlakutsu2023-scaled.jpg","width":1810,"height":2560},{"@type":"BreadcrumbList","@id":"https:\/\/kalenteri.niemikoti.fi\/en\/tapahtuma\/myllypadon-perinteinen-glogijuhla-29-11-kello-14-18\/#breadcrumb","itemListElement":[{"@type":"ListItem","position":1,"name":"Home","item":"https:\/\/kalenteri.niemikoti.fi\/en\/"},{"@type":"ListItem","position":2,"name":"Events","item":"https:\/\/kalenteri.niemikoti.fi\/en\/tapahtumat\/"},{"@type":"ListItem","position":3,"name":"Myllypadon perinteinen gl\u00f6gijuhla 29.11. kello 14-18"}]},{"@type":"WebSite","@id":"https:\/\/kalenteri.niemikoti.fi\/en\/#website","url":"https:\/\/kalenteri.niemikoti.fi\/en\/","name":"Tapahtumakalenteri","description":"Niemikotis\u00e4\u00e4ti\u00f6n tapahtumat palvelujen k\u00e4ytt\u00e4jille","publisher":{"@id":"https:\/\/kalenteri.niemikoti.fi\/en\/#organization"},"potentialAction":[{"@type":"SearchAction","target":{"@type":"EntryPoint","urlTemplate":"https:\/\/kalenteri.niemikoti.fi\/en\/?s={search_term_string}"},"query-input":{"@type":"PropertyValueSpecification","valueRequired":true,"valueName":"search_term_string"}}],"inLanguage":"en-US"},{"@type":"Organization","@id":"https:\/\/kalenteri.niemikoti.fi\/en\/#organization","name":"Tapahtumakalenteri","url":"https:\/\/kalenteri.niemikoti.fi\/en\/","logo":{"@type":"ImageObject","inLanguage":"en-US","@id":"https:\/\/kalenteri.niemikoti.fi\/en\/#\/schema\/logo\/image\/","url":"https:\/\/kalenteri.niemikoti.fi\/wp-content\/uploads\/2024\/01\/niemikoti-paraspaikkatoipua.png","contentUrl":"https:\/\/kalenteri.niemikoti.fi\/wp-content\/uploads\/2024\/01\/niemikoti-paraspaikkatoipua.png","width":751,"height":337,"caption":"Tapahtumakalenteri"},"image":{"@id":"https:\/\/kalenteri.niemikoti.fi\/en\/#\/schema\/logo\/image\/"}}]}},"taxonomy_info":{"post_tag":[{"value":73,"label":"Joulu"},{"value":74,"label":"KAIKILLE"},{"value":72,"label":"Muut kiinnostavat tapahtumat"}],"tribe_events_cat":[{"value":41,"label":"Asumispalvelut"}]},"featured_image_src_large":["https:\/\/kalenteri.niemikoti.fi\/wp-content\/uploads\/2023\/11\/Glogijuhlakutsu2023-724x1024.jpg",724,1024,true],"author_info":{"display_name":"Katja Lampela","author_link":"https:\/\/kalenteri.niemikoti.fi\/en\/author\/katja-lampelaniemikoti-fi\/"},"comment_info":"","_links":{"self":[{"href":"https:\/\/kalenteri.niemikoti.fi\/en\/wp-json\/wp\/v2\/tribe_events\/3419","targetHints":{"allow":["GET"]}}],"collection":[{"href":"https:\/\/kalenteri.niemikoti.fi\/en\/wp-json\/wp\/v2\/tribe_events"}],"about":[{"href":"https:\/\/kalenteri.niemikoti.fi\/en\/wp-json\/wp\/v2\/types\/tribe_events"}],"author":[{"embeddable":true,"href":"https:\/\/kalenteri.niemikoti.fi\/en\/wp-json\/wp\/v2\/users\/14"}],"version-history":[{"count":0,"href":"https:\/\/kalenteri.niemikoti.fi\/en\/wp-json\/wp\/v2\/tribe_events\/3419\/revisions"}],"wp:featuredmedia":[{"embeddable":true,"href":"https:\/\/kalenteri.niemikoti.fi\/en\/wp-json\/wp\/v2\/media\/3421"}],"wp:attachment":[{"href":"https:\/\/kalenteri.niemikoti.fi\/en\/wp-json\/wp\/v2\/media?parent=3419"}],"wp:term":[{"taxonomy":"post_tag","embeddable":true,"href":"https:\/\/kalenteri.niemikoti.fi\/en\/wp-json\/wp\/v2\/tags?post=3419"},{"taxonomy":"tribe_events_cat","embeddable":true,"href":"https:\/\/kalenteri.niemikoti.fi\/en\/wp-json\/wp\/v2\/tribe_events_cat?post=3419"}],"curies":[{"name":"wp","href":"https:\/\/api.w.org\/{rel}","templated":true}]}}