{"id":5154,"date":"2024-08-13T15:26:23","date_gmt":"2024-08-13T12:26:23","guid":{"rendered":"https:\/\/uusikalenteri.niemikoti.fi\/?post_type=tribe_events&#038;p=5154"},"modified":"2024-08-14T07:46:49","modified_gmt":"2024-08-14T04:46:49","slug":"selkokieli-info","status":"publish","type":"tribe_events","link":"https:\/\/kalenteri.niemikoti.fi\/en\/tapahtuma\/selkokieli-info\/","title":{"rendered":"SELKOKIELI- INFO"},"content":{"rendered":"<p>TERVETULOA SELKOKIELI-INFOON<\/p>\n<p>&nbsp;<\/p>\n<p>Haluaisitko seurata uutisia tai lukea kirjoja helpommalla suomen kielell\u00e4?<\/p>\n<p>Tuottaako Kelan tai TE-palvelujen ymm\u00e4rt\u00e4minen vaikeuksia? Tied\u00e4tk\u00f6 mit\u00e4 selkokieli on?<\/p>\n<p>Tiesitk\u00f6, ett\u00e4 uutisia, kirjoja ja oppaita on saatavilla my\u00f6s helpommalla suomen kielell\u00e4.<\/p>\n<p>&nbsp;<\/p>\n<p>Selkokielest\u00e4 hy\u00f6tyv\u00e4t kaikki, etenkin sote-palvelujen asiakkaat ja ty\u00f6ntekij\u00e4t. Tule kuuntelemaan mit\u00e4 selkokieli on.<\/p>\n<p>&nbsp;<\/p>\n<p>Tervetuloa Niemikotis\u00e4\u00e4ti\u00f6n asiakkaille ja ty\u00f6ntekij\u00f6ille j\u00e4rjestett\u00e4v\u00e4\u00e4n Selkokieli-infoon Valtti Valmennukseen. Infon pit\u00e4\u00e4 kokemusasiantuntija Aino.<\/p>\n<p>Voit osallistua paikan p\u00e4\u00e4ll\u00e4 tai Teamsin kautta. Paikan p\u00e4\u00e4ll\u00e4 kahvitarjoilu.<\/p>\n<p>Info pidet\u00e4\u00e4n keskiviikkona <strong>21.8.2024 klo 14\u201315.15.<\/strong><\/p>\n<p>&nbsp;<\/p>\n<p>Ilmoittautumiset 19.8. menness\u00e4: <a href=\"m&#97;&#105;&#x6c;&#x74;&#x6f;&#x3a;s&#111;&#110;&#121;&#x61;&#x2e;&#x6d;oo&#100;&#121;&#x40;&#x6e;&#x69;em&#105;&#107;&#x6f;&#x74;&#x69;&#46;f&#105;\">&#x73;&#x6f;&#x6e;&#x79;&#x61;&#x2e;&#x6d;&#x6f;&#x6f;&#x64;&#x79;&#x40;&#x6e;&#x69;&#x65;&#x6d;&#x69;&#x6b;&#x6f;&#x74;&#x69;&#x2e;&#x66;&#x69;<\/a> \/ 040-700 9790<\/p>\n<p>Valtti Valmennus: <a href=\"https:\/\/www.google.com\/maps\/search\/Kuortaneenkatu+1,+Helsinki?entry=gmail&amp;source=g\">Kuortaneenkatu 1, Helsinki<\/a><\/p>\n","protected":false},"excerpt":{"rendered":"<p>TERVETULOA SELKOKIELI-INFOON &nbsp; Haluaisitko seurata uutisia tai lukea kirjoja helpommalla suomen kielell\u00e4? Tuottaako Kelan tai TE-palvelujen ymm\u00e4rt\u00e4minen vaikeuksia? Tied\u00e4tk\u00f6 mit\u00e4 selkokieli on? Tiesitk\u00f6, ett\u00e4 uutisia, kirjoja ja oppaita on saatavilla&#8230;<\/p>\n","protected":false},"author":188,"featured_media":5158,"template":"","meta":{"_kad_blocks_custom_css":"","_kad_blocks_head_custom_js":"","_kad_blocks_body_custom_js":"","_kad_blocks_footer_custom_js":"","_kad_post_transparent":"","_kad_post_title":"","_kad_post_layout":"","_kad_post_sidebar_id":"","_kad_post_content_style":"","_kad_post_vertical_padding":"","_kad_post_feature":"","_kad_post_feature_position":"","_kad_post_header":false,"_kad_post_footer":false,"_kad_post_classname":"","cybocfi_hide_featured_image":"","_tribe_events_status":"","_tribe_events_status_reason":"","_tribe_events_is_hybrid":"","_tribe_events_is_virtual":"","_tribe_events_virtual_video_source":"","_tribe_events_virtual_embed_video":"","_tribe_events_virtual_linked_button_text":"","_tribe_events_virtual_linked_button":"","_tribe_events_virtual_show_embed_at":"","_tribe_events_virtual_show_embed_to":[],"_tribe_events_virtual_show_on_event":"","_tribe_events_virtual_show_on_views":"","_tribe_events_virtual_url":"","footnotes":"","_links_to":"","_links_to_target":""},"tags":[53,74,75],"tribe_events_cat":[111,112,38],"class_list":["post-5154","tribe_events","type-tribe_events","status-publish","has-post-thumbnail","hentry","tag-avoin-info","tag-kaikille","tag-keskustelu","tribe_events_cat-tapahtumat-henkilokunnalle","tribe_events_cat-tapahtumat-palvelunkayttajille","tribe_events_cat-valtti-valmennus","cat_tapahtumat-henkilokunnalle","cat_tapahtumat-palvelunkayttajille","cat_valtti-valmennus"],"yoast_head":"<!-- This site is optimized with the Yoast SEO plugin v27.3 - https:\/\/yoast.com\/product\/yoast-seo-wordpress\/ -->\n<title>SELKOKIELI- INFO - Tapahtumakalenteri<\/title>\n<meta name=\"robots\" content=\"index, follow, max-snippet:-1, max-image-preview:large, max-video-preview:-1\" \/>\n<link rel=\"canonical\" href=\"https:\/\/kalenteri.niemikoti.fi\/en\/tapahtuma\/selkokieli-info\/\" \/>\n<meta property=\"og:locale\" content=\"en_US\" \/>\n<meta property=\"og:type\" content=\"article\" \/>\n<meta property=\"og:title\" content=\"SELKOKIELI- INFO - Tapahtumakalenteri\" \/>\n<meta property=\"og:description\" content=\"TERVETULOA SELKOKIELI-INFOON &nbsp; Haluaisitko seurata uutisia tai lukea kirjoja helpommalla suomen kielell\u00e4? Tuottaako Kelan tai TE-palvelujen ymm\u00e4rt\u00e4minen vaikeuksia? Tied\u00e4tk\u00f6 mit\u00e4 selkokieli on? Tiesitk\u00f6, ett\u00e4 uutisia, kirjoja ja oppaita on saatavilla...\" \/>\n<meta property=\"og:url\" content=\"https:\/\/kalenteri.niemikoti.fi\/en\/tapahtuma\/selkokieli-info\/\" \/>\n<meta property=\"og:site_name\" content=\"Tapahtumakalenteri\" \/>\n<meta property=\"article:modified_time\" content=\"2024-08-14T04:46:49+00:00\" \/>\n<meta name=\"twitter:card\" content=\"summary_large_image\" \/>\n<meta name=\"twitter:label1\" content=\"Est. reading time\" \/>\n\t<meta name=\"twitter:data1\" content=\"1 minute\" \/>\n<script type=\"application\/ld+json\" class=\"yoast-schema-graph\">{\"@context\":\"https:\\\/\\\/schema.org\",\"@graph\":[{\"@type\":\"WebPage\",\"@id\":\"https:\\\/\\\/kalenteri.niemikoti.fi\\\/en\\\/tapahtuma\\\/selkokieli-info\\\/\",\"url\":\"https:\\\/\\\/kalenteri.niemikoti.fi\\\/en\\\/tapahtuma\\\/selkokieli-info\\\/\",\"name\":\"SELKOKIELI- INFO - Tapahtumakalenteri\",\"isPartOf\":{\"@id\":\"https:\\\/\\\/kalenteri.niemikoti.fi\\\/en\\\/#website\"},\"primaryImageOfPage\":{\"@id\":\"https:\\\/\\\/kalenteri.niemikoti.fi\\\/en\\\/tapahtuma\\\/selkokieli-info\\\/#primaryimage\"},\"image\":{\"@id\":\"https:\\\/\\\/kalenteri.niemikoti.fi\\\/en\\\/tapahtuma\\\/selkokieli-info\\\/#primaryimage\"},\"thumbnailUrl\":\"https:\\\/\\\/kalenteri.niemikoti.fi\\\/wp-content\\\/uploads\\\/2024\\\/08\\\/selkokieli.jpg\",\"datePublished\":\"2024-08-13T12:26:23+00:00\",\"dateModified\":\"2024-08-14T04:46:49+00:00\",\"breadcrumb\":{\"@id\":\"https:\\\/\\\/kalenteri.niemikoti.fi\\\/en\\\/tapahtuma\\\/selkokieli-info\\\/#breadcrumb\"},\"inLanguage\":\"en-US\",\"potentialAction\":[{\"@type\":\"ReadAction\",\"target\":[\"https:\\\/\\\/kalenteri.niemikoti.fi\\\/en\\\/tapahtuma\\\/selkokieli-info\\\/\"]}]},{\"@type\":\"ImageObject\",\"inLanguage\":\"en-US\",\"@id\":\"https:\\\/\\\/kalenteri.niemikoti.fi\\\/en\\\/tapahtuma\\\/selkokieli-info\\\/#primaryimage\",\"url\":\"https:\\\/\\\/kalenteri.niemikoti.fi\\\/wp-content\\\/uploads\\\/2024\\\/08\\\/selkokieli.jpg\",\"contentUrl\":\"https:\\\/\\\/kalenteri.niemikoti.fi\\\/wp-content\\\/uploads\\\/2024\\\/08\\\/selkokieli.jpg\",\"width\":495,\"height\":700},{\"@type\":\"BreadcrumbList\",\"@id\":\"https:\\\/\\\/kalenteri.niemikoti.fi\\\/en\\\/tapahtuma\\\/selkokieli-info\\\/#breadcrumb\",\"itemListElement\":[{\"@type\":\"ListItem\",\"position\":1,\"name\":\"Home\",\"item\":\"https:\\\/\\\/kalenteri.niemikoti.fi\\\/en\\\/\"},{\"@type\":\"ListItem\",\"position\":2,\"name\":\"Events\",\"item\":\"https:\\\/\\\/kalenteri.niemikoti.fi\\\/en\\\/tapahtumat\\\/\"},{\"@type\":\"ListItem\",\"position\":3,\"name\":\"SELKOKIELI- INFO\"}]},{\"@type\":\"WebSite\",\"@id\":\"https:\\\/\\\/kalenteri.niemikoti.fi\\\/en\\\/#website\",\"url\":\"https:\\\/\\\/kalenteri.niemikoti.fi\\\/en\\\/\",\"name\":\"Tapahtumakalenteri\",\"description\":\"Niemikotis\u00e4\u00e4ti\u00f6n tapahtumat palvelujen k\u00e4ytt\u00e4jille\",\"publisher\":{\"@id\":\"https:\\\/\\\/kalenteri.niemikoti.fi\\\/en\\\/#organization\"},\"potentialAction\":[{\"@type\":\"SearchAction\",\"target\":{\"@type\":\"EntryPoint\",\"urlTemplate\":\"https:\\\/\\\/kalenteri.niemikoti.fi\\\/en\\\/?s={search_term_string}\"},\"query-input\":{\"@type\":\"PropertyValueSpecification\",\"valueRequired\":true,\"valueName\":\"search_term_string\"}}],\"inLanguage\":\"en-US\"},{\"@type\":\"Organization\",\"@id\":\"https:\\\/\\\/kalenteri.niemikoti.fi\\\/en\\\/#organization\",\"name\":\"Tapahtumakalenteri\",\"url\":\"https:\\\/\\\/kalenteri.niemikoti.fi\\\/en\\\/\",\"logo\":{\"@type\":\"ImageObject\",\"inLanguage\":\"en-US\",\"@id\":\"https:\\\/\\\/kalenteri.niemikoti.fi\\\/en\\\/#\\\/schema\\\/logo\\\/image\\\/\",\"url\":\"https:\\\/\\\/kalenteri.niemikoti.fi\\\/wp-content\\\/uploads\\\/2024\\\/01\\\/niemikoti-paraspaikkatoipua.png\",\"contentUrl\":\"https:\\\/\\\/kalenteri.niemikoti.fi\\\/wp-content\\\/uploads\\\/2024\\\/01\\\/niemikoti-paraspaikkatoipua.png\",\"width\":751,\"height\":337,\"caption\":\"Tapahtumakalenteri\"},\"image\":{\"@id\":\"https:\\\/\\\/kalenteri.niemikoti.fi\\\/en\\\/#\\\/schema\\\/logo\\\/image\\\/\"}}]}<\/script>\n<!-- \/ Yoast SEO plugin. -->","yoast_head_json":{"title":"SELKOKIELI- INFO - Tapahtumakalenteri","robots":{"index":"index","follow":"follow","max-snippet":"max-snippet:-1","max-image-preview":"max-image-preview:large","max-video-preview":"max-video-preview:-1"},"canonical":"https:\/\/kalenteri.niemikoti.fi\/en\/tapahtuma\/selkokieli-info\/","og_locale":"en_US","og_type":"article","og_title":"SELKOKIELI- INFO - Tapahtumakalenteri","og_description":"TERVETULOA SELKOKIELI-INFOON &nbsp; Haluaisitko seurata uutisia tai lukea kirjoja helpommalla suomen kielell\u00e4? Tuottaako Kelan tai TE-palvelujen ymm\u00e4rt\u00e4minen vaikeuksia? Tied\u00e4tk\u00f6 mit\u00e4 selkokieli on? Tiesitk\u00f6, ett\u00e4 uutisia, kirjoja ja oppaita on saatavilla...","og_url":"https:\/\/kalenteri.niemikoti.fi\/en\/tapahtuma\/selkokieli-info\/","og_site_name":"Tapahtumakalenteri","article_modified_time":"2024-08-14T04:46:49+00:00","twitter_card":"summary_large_image","twitter_misc":{"Est. reading time":"1 minute"},"schema":{"@context":"https:\/\/schema.org","@graph":[{"@type":"WebPage","@id":"https:\/\/kalenteri.niemikoti.fi\/en\/tapahtuma\/selkokieli-info\/","url":"https:\/\/kalenteri.niemikoti.fi\/en\/tapahtuma\/selkokieli-info\/","name":"SELKOKIELI- INFO - Tapahtumakalenteri","isPartOf":{"@id":"https:\/\/kalenteri.niemikoti.fi\/en\/#website"},"primaryImageOfPage":{"@id":"https:\/\/kalenteri.niemikoti.fi\/en\/tapahtuma\/selkokieli-info\/#primaryimage"},"image":{"@id":"https:\/\/kalenteri.niemikoti.fi\/en\/tapahtuma\/selkokieli-info\/#primaryimage"},"thumbnailUrl":"https:\/\/kalenteri.niemikoti.fi\/wp-content\/uploads\/2024\/08\/selkokieli.jpg","datePublished":"2024-08-13T12:26:23+00:00","dateModified":"2024-08-14T04:46:49+00:00","breadcrumb":{"@id":"https:\/\/kalenteri.niemikoti.fi\/en\/tapahtuma\/selkokieli-info\/#breadcrumb"},"inLanguage":"en-US","potentialAction":[{"@type":"ReadAction","target":["https:\/\/kalenteri.niemikoti.fi\/en\/tapahtuma\/selkokieli-info\/"]}]},{"@type":"ImageObject","inLanguage":"en-US","@id":"https:\/\/kalenteri.niemikoti.fi\/en\/tapahtuma\/selkokieli-info\/#primaryimage","url":"https:\/\/kalenteri.niemikoti.fi\/wp-content\/uploads\/2024\/08\/selkokieli.jpg","contentUrl":"https:\/\/kalenteri.niemikoti.fi\/wp-content\/uploads\/2024\/08\/selkokieli.jpg","width":495,"height":700},{"@type":"BreadcrumbList","@id":"https:\/\/kalenteri.niemikoti.fi\/en\/tapahtuma\/selkokieli-info\/#breadcrumb","itemListElement":[{"@type":"ListItem","position":1,"name":"Home","item":"https:\/\/kalenteri.niemikoti.fi\/en\/"},{"@type":"ListItem","position":2,"name":"Events","item":"https:\/\/kalenteri.niemikoti.fi\/en\/tapahtumat\/"},{"@type":"ListItem","position":3,"name":"SELKOKIELI- INFO"}]},{"@type":"WebSite","@id":"https:\/\/kalenteri.niemikoti.fi\/en\/#website","url":"https:\/\/kalenteri.niemikoti.fi\/en\/","name":"Tapahtumakalenteri","description":"Niemikotis\u00e4\u00e4ti\u00f6n tapahtumat palvelujen k\u00e4ytt\u00e4jille","publisher":{"@id":"https:\/\/kalenteri.niemikoti.fi\/en\/#organization"},"potentialAction":[{"@type":"SearchAction","target":{"@type":"EntryPoint","urlTemplate":"https:\/\/kalenteri.niemikoti.fi\/en\/?s={search_term_string}"},"query-input":{"@type":"PropertyValueSpecification","valueRequired":true,"valueName":"search_term_string"}}],"inLanguage":"en-US"},{"@type":"Organization","@id":"https:\/\/kalenteri.niemikoti.fi\/en\/#organization","name":"Tapahtumakalenteri","url":"https:\/\/kalenteri.niemikoti.fi\/en\/","logo":{"@type":"ImageObject","inLanguage":"en-US","@id":"https:\/\/kalenteri.niemikoti.fi\/en\/#\/schema\/logo\/image\/","url":"https:\/\/kalenteri.niemikoti.fi\/wp-content\/uploads\/2024\/01\/niemikoti-paraspaikkatoipua.png","contentUrl":"https:\/\/kalenteri.niemikoti.fi\/wp-content\/uploads\/2024\/01\/niemikoti-paraspaikkatoipua.png","width":751,"height":337,"caption":"Tapahtumakalenteri"},"image":{"@id":"https:\/\/kalenteri.niemikoti.fi\/en\/#\/schema\/logo\/image\/"}}]}},"taxonomy_info":{"post_tag":[{"value":53,"label":"Avoin info"},{"value":74,"label":"KAIKILLE"},{"value":75,"label":"Keskustelu"}],"tribe_events_cat":[{"value":111,"label":"Tapahtumat henkil\u00f6kunnalle"},{"value":112,"label":"Tapahtumat palvelunk\u00e4ytt\u00e4jille"},{"value":38,"label":"Valtti Valmennus"}]},"featured_image_src_large":["https:\/\/kalenteri.niemikoti.fi\/wp-content\/uploads\/2024\/08\/selkokieli.jpg",495,700,false],"author_info":{"display_name":"Sonya Moody","author_link":"https:\/\/kalenteri.niemikoti.fi\/en\/author\/sonya-moodyniemikoti-fi\/"},"comment_info":"","_links":{"self":[{"href":"https:\/\/kalenteri.niemikoti.fi\/en\/wp-json\/wp\/v2\/tribe_events\/5154","targetHints":{"allow":["GET"]}}],"collection":[{"href":"https:\/\/kalenteri.niemikoti.fi\/en\/wp-json\/wp\/v2\/tribe_events"}],"about":[{"href":"https:\/\/kalenteri.niemikoti.fi\/en\/wp-json\/wp\/v2\/types\/tribe_events"}],"author":[{"embeddable":true,"href":"https:\/\/kalenteri.niemikoti.fi\/en\/wp-json\/wp\/v2\/users\/188"}],"version-history":[{"count":1,"href":"https:\/\/kalenteri.niemikoti.fi\/en\/wp-json\/wp\/v2\/tribe_events\/5154\/revisions"}],"predecessor-version":[{"id":5155,"href":"https:\/\/kalenteri.niemikoti.fi\/en\/wp-json\/wp\/v2\/tribe_events\/5154\/revisions\/5155"}],"wp:featuredmedia":[{"embeddable":true,"href":"https:\/\/kalenteri.niemikoti.fi\/en\/wp-json\/wp\/v2\/media\/5158"}],"wp:attachment":[{"href":"https:\/\/kalenteri.niemikoti.fi\/en\/wp-json\/wp\/v2\/media?parent=5154"}],"wp:term":[{"taxonomy":"post_tag","embeddable":true,"href":"https:\/\/kalenteri.niemikoti.fi\/en\/wp-json\/wp\/v2\/tags?post=5154"},{"taxonomy":"tribe_events_cat","embeddable":true,"href":"https:\/\/kalenteri.niemikoti.fi\/en\/wp-json\/wp\/v2\/tribe_events_cat?post=5154"}],"curies":[{"name":"wp","href":"https:\/\/api.w.org\/{rel}","templated":true}]}}