{"id":7593,"date":"2025-03-27T10:37:07","date_gmt":"2025-03-27T08:37:07","guid":{"rendered":"https:\/\/uusikalenteri.niemikoti.fi\/?post_type=tribe_events&#038;p=7593"},"modified":"2025-04-08T12:32:02","modified_gmt":"2025-04-08T09:32:02","slug":"mental-health-art-week-info-tyopaja","status":"publish","type":"tribe_events","link":"https:\/\/kalenteri.niemikoti.fi\/en\/tapahtuma\/mental-health-art-week-info-tyopaja\/","title":{"rendered":"Mental Health Art Week: Info &amp; Ty\u00f6paja"},"content":{"rendered":"<p><span data-olk-copy-source=\"MessageBody\">Huhtikuun info j\u00e4rjestet\u00e4\u00e4n t\u00e4ll\u00e4 kertaa ty\u00f6pajana Valtti Valmennuksen tiloissa. Info koskee toukokuussa 19.\u201325. j\u00e4rjestett\u00e4v\u00e4\u00e4 Mental Health Art Week 2025 -tapahtumaviikkoa. Ty\u00f6pajan yhteydess\u00e4 pohdimme my\u00f6s taiteen ja luovuuden merkityst\u00e4 hyvinvointiin.<\/span><\/p>\n<p>Ty\u00f6pajassa on mahdollista koristella itselleen ruukku (halutessasi se voi my\u00f6s olla esim. pelti- tai lasipurkki) serviettitekniikalla. Tekniikka ei vaadi aiempaa tiet\u00e4myst\u00e4, osaamista tai taiteellisuutta. Ohjaaja opastaa serviettitekniikan kanssa koko ty\u00f6pajan ajan.<\/p>\n<p>Jos haluat koristella itsellesi ruukun, ty\u00f6pajaan olisi hyv\u00e4 ilmoittautua etuk\u00e4teen, jotta osaamme varautua oikealla m\u00e4\u00e4r\u00e4ll\u00e4 tarvikkeita.<\/p>\n<p>Voit ilmoittautua s\u00e4hk\u00f6postitse\u00a0<a title=\"&#x6d;&#97;&#x69;&#108;t&#x6f;&#58;s&#x61;&#97;&#x6e;&#x61;&#46;&#x6b;&#111;s&#x6b;&#105;&#x6d;&#x61;a&#x40;&#110;i&#x65;&#109;i&#x6b;&#111;&#x74;&#105;s\u00e4\u00e4&#116;&#x69;\u00f6&#x2e;&#102;i\" href=\"mailto:saana.koskimaa@niemikotis%C3%A4%C3%A4ti%C3%B6.fi\" data-linkindex=\"0\">saana&#46;koskim&#97;&#97;&#64;&#110;&#105;&#101;&#109;&#105;&#107;&#111;&#116;&#105;&#46;&#102;&#105;<\/a>\u00a0tai puhelimitse soittamalla\/tekstaamalla 050 4700039<\/p>\n","protected":false},"excerpt":{"rendered":"<p>Huhtikuun info j\u00e4rjestet\u00e4\u00e4n t\u00e4ll\u00e4 kertaa ty\u00f6pajana Valtti Valmennuksen tiloissa. Info koskee toukokuussa 19.\u201325. j\u00e4rjestett\u00e4v\u00e4\u00e4 Mental Health Art Week 2025 -tapahtumaviikkoa. Ty\u00f6pajan yhteydess\u00e4 pohdimme my\u00f6s taiteen ja luovuuden merkityst\u00e4 hyvinvointiin. Ty\u00f6pajassa&#8230;<\/p>\n","protected":false},"author":218,"featured_media":7596,"template":"","meta":{"_kad_blocks_custom_css":"","_kad_blocks_head_custom_js":"","_kad_blocks_body_custom_js":"","_kad_blocks_footer_custom_js":"","_kad_post_transparent":"","_kad_post_title":"","_kad_post_layout":"","_kad_post_sidebar_id":"","_kad_post_content_style":"","_kad_post_vertical_padding":"","_kad_post_feature":"","_kad_post_feature_position":"","_kad_post_header":false,"_kad_post_footer":false,"_kad_post_classname":"","cybocfi_hide_featured_image":"","_tribe_events_status":"","_tribe_events_status_reason":"","_tribe_events_is_hybrid":"","_tribe_events_is_virtual":"","_tribe_events_virtual_video_source":"","_tribe_events_virtual_embed_video":"","_tribe_events_virtual_linked_button_text":"","_tribe_events_virtual_linked_button":"","_tribe_events_virtual_show_embed_at":"","_tribe_events_virtual_show_embed_to":[],"_tribe_events_virtual_show_on_event":"","_tribe_events_virtual_show_on_views":"","_tribe_events_virtual_url":"","footnotes":"","_links_to":"","_links_to_target":""},"tags":[61,47,74,60],"tribe_events_cat":[38],"class_list":["post-7593","tribe_events","type-tribe_events","status-publish","has-post-thumbnail","hentry","tag-avoin-toiminta","tag-kadentaidot","tag-kaikille","tag-tyopaja","tribe_events_cat-valtti-valmennus","cat_valtti-valmennus"],"yoast_head":"<!-- This site is optimized with the Yoast SEO plugin v27.3 - https:\/\/yoast.com\/product\/yoast-seo-wordpress\/ -->\n<title>Mental Health Art Week: Info &amp; Ty\u00f6paja - Tapahtumakalenteri<\/title>\n<meta name=\"robots\" content=\"index, follow, max-snippet:-1, max-image-preview:large, max-video-preview:-1\" \/>\n<link rel=\"canonical\" href=\"https:\/\/kalenteri.niemikoti.fi\/en\/tapahtuma\/mental-health-art-week-info-tyopaja\/\" \/>\n<meta property=\"og:locale\" content=\"en_US\" \/>\n<meta property=\"og:type\" content=\"article\" \/>\n<meta property=\"og:title\" content=\"Mental Health Art Week: Info &amp; Ty\u00f6paja - Tapahtumakalenteri\" \/>\n<meta property=\"og:description\" content=\"Huhtikuun info j\u00e4rjestet\u00e4\u00e4n t\u00e4ll\u00e4 kertaa ty\u00f6pajana Valtti Valmennuksen tiloissa. Info koskee toukokuussa 19.\u201325. j\u00e4rjestett\u00e4v\u00e4\u00e4 Mental Health Art Week 2025 -tapahtumaviikkoa. Ty\u00f6pajan yhteydess\u00e4 pohdimme my\u00f6s taiteen ja luovuuden merkityst\u00e4 hyvinvointiin. Ty\u00f6pajassa...\" \/>\n<meta property=\"og:url\" content=\"https:\/\/kalenteri.niemikoti.fi\/en\/tapahtuma\/mental-health-art-week-info-tyopaja\/\" \/>\n<meta property=\"og:site_name\" content=\"Tapahtumakalenteri\" \/>\n<meta property=\"article:modified_time\" content=\"2025-04-08T09:32:02+00:00\" \/>\n<meta property=\"og:image\" content=\"https:\/\/kalenteri.niemikoti.fi\/wp-content\/uploads\/sites\/24\/2025\/03\/mentalhealthartweek2025.png\" \/>\n\t<meta property=\"og:image:width\" content=\"1080\" \/>\n\t<meta property=\"og:image:height\" content=\"1350\" \/>\n\t<meta property=\"og:image:type\" content=\"image\/png\" \/>\n<meta name=\"twitter:card\" content=\"summary_large_image\" \/>\n<meta name=\"twitter:label1\" content=\"Est. reading time\" \/>\n\t<meta name=\"twitter:data1\" content=\"1 minute\" \/>\n<script type=\"application\/ld+json\" class=\"yoast-schema-graph\">{\"@context\":\"https:\\\/\\\/schema.org\",\"@graph\":[{\"@type\":\"WebPage\",\"@id\":\"https:\\\/\\\/kalenteri.niemikoti.fi\\\/en\\\/tapahtuma\\\/mental-health-art-week-info-tyopaja\\\/\",\"url\":\"https:\\\/\\\/kalenteri.niemikoti.fi\\\/en\\\/tapahtuma\\\/mental-health-art-week-info-tyopaja\\\/\",\"name\":\"Mental Health Art Week: Info &amp; Ty\u00f6paja - Tapahtumakalenteri\",\"isPartOf\":{\"@id\":\"https:\\\/\\\/kalenteri.niemikoti.fi\\\/en\\\/#website\"},\"primaryImageOfPage\":{\"@id\":\"https:\\\/\\\/kalenteri.niemikoti.fi\\\/en\\\/tapahtuma\\\/mental-health-art-week-info-tyopaja\\\/#primaryimage\"},\"image\":{\"@id\":\"https:\\\/\\\/kalenteri.niemikoti.fi\\\/en\\\/tapahtuma\\\/mental-health-art-week-info-tyopaja\\\/#primaryimage\"},\"thumbnailUrl\":\"https:\\\/\\\/kalenteri.niemikoti.fi\\\/wp-content\\\/uploads\\\/2025\\\/03\\\/mentalhealthartweek2025.png\",\"datePublished\":\"2025-03-27T08:37:07+00:00\",\"dateModified\":\"2025-04-08T09:32:02+00:00\",\"breadcrumb\":{\"@id\":\"https:\\\/\\\/kalenteri.niemikoti.fi\\\/en\\\/tapahtuma\\\/mental-health-art-week-info-tyopaja\\\/#breadcrumb\"},\"inLanguage\":\"en-US\",\"potentialAction\":[{\"@type\":\"ReadAction\",\"target\":[\"https:\\\/\\\/kalenteri.niemikoti.fi\\\/en\\\/tapahtuma\\\/mental-health-art-week-info-tyopaja\\\/\"]}]},{\"@type\":\"ImageObject\",\"inLanguage\":\"en-US\",\"@id\":\"https:\\\/\\\/kalenteri.niemikoti.fi\\\/en\\\/tapahtuma\\\/mental-health-art-week-info-tyopaja\\\/#primaryimage\",\"url\":\"https:\\\/\\\/kalenteri.niemikoti.fi\\\/wp-content\\\/uploads\\\/2025\\\/03\\\/mentalhealthartweek2025.png\",\"contentUrl\":\"https:\\\/\\\/kalenteri.niemikoti.fi\\\/wp-content\\\/uploads\\\/2025\\\/03\\\/mentalhealthartweek2025.png\",\"width\":1080,\"height\":1350},{\"@type\":\"BreadcrumbList\",\"@id\":\"https:\\\/\\\/kalenteri.niemikoti.fi\\\/en\\\/tapahtuma\\\/mental-health-art-week-info-tyopaja\\\/#breadcrumb\",\"itemListElement\":[{\"@type\":\"ListItem\",\"position\":1,\"name\":\"Home\",\"item\":\"https:\\\/\\\/kalenteri.niemikoti.fi\\\/en\\\/\"},{\"@type\":\"ListItem\",\"position\":2,\"name\":\"Events\",\"item\":\"https:\\\/\\\/kalenteri.niemikoti.fi\\\/en\\\/tapahtumat\\\/\"},{\"@type\":\"ListItem\",\"position\":3,\"name\":\"Mental Health Art Week: Info &amp; Ty\u00f6paja\"}]},{\"@type\":\"WebSite\",\"@id\":\"https:\\\/\\\/kalenteri.niemikoti.fi\\\/en\\\/#website\",\"url\":\"https:\\\/\\\/kalenteri.niemikoti.fi\\\/en\\\/\",\"name\":\"Tapahtumakalenteri\",\"description\":\"Niemikotis\u00e4\u00e4ti\u00f6n tapahtumat palvelujen k\u00e4ytt\u00e4jille\",\"publisher\":{\"@id\":\"https:\\\/\\\/kalenteri.niemikoti.fi\\\/en\\\/#organization\"},\"potentialAction\":[{\"@type\":\"SearchAction\",\"target\":{\"@type\":\"EntryPoint\",\"urlTemplate\":\"https:\\\/\\\/kalenteri.niemikoti.fi\\\/en\\\/?s={search_term_string}\"},\"query-input\":{\"@type\":\"PropertyValueSpecification\",\"valueRequired\":true,\"valueName\":\"search_term_string\"}}],\"inLanguage\":\"en-US\"},{\"@type\":\"Organization\",\"@id\":\"https:\\\/\\\/kalenteri.niemikoti.fi\\\/en\\\/#organization\",\"name\":\"Tapahtumakalenteri\",\"url\":\"https:\\\/\\\/kalenteri.niemikoti.fi\\\/en\\\/\",\"logo\":{\"@type\":\"ImageObject\",\"inLanguage\":\"en-US\",\"@id\":\"https:\\\/\\\/kalenteri.niemikoti.fi\\\/en\\\/#\\\/schema\\\/logo\\\/image\\\/\",\"url\":\"https:\\\/\\\/kalenteri.niemikoti.fi\\\/wp-content\\\/uploads\\\/2024\\\/01\\\/niemikoti-paraspaikkatoipua.png\",\"contentUrl\":\"https:\\\/\\\/kalenteri.niemikoti.fi\\\/wp-content\\\/uploads\\\/2024\\\/01\\\/niemikoti-paraspaikkatoipua.png\",\"width\":751,\"height\":337,\"caption\":\"Tapahtumakalenteri\"},\"image\":{\"@id\":\"https:\\\/\\\/kalenteri.niemikoti.fi\\\/en\\\/#\\\/schema\\\/logo\\\/image\\\/\"}}]}<\/script>\n<!-- \/ Yoast SEO plugin. -->","yoast_head_json":{"title":"Mental Health Art Week: Info &amp; Ty\u00f6paja - Tapahtumakalenteri","robots":{"index":"index","follow":"follow","max-snippet":"max-snippet:-1","max-image-preview":"max-image-preview:large","max-video-preview":"max-video-preview:-1"},"canonical":"https:\/\/kalenteri.niemikoti.fi\/en\/tapahtuma\/mental-health-art-week-info-tyopaja\/","og_locale":"en_US","og_type":"article","og_title":"Mental Health Art Week: Info &amp; Ty\u00f6paja - Tapahtumakalenteri","og_description":"Huhtikuun info j\u00e4rjestet\u00e4\u00e4n t\u00e4ll\u00e4 kertaa ty\u00f6pajana Valtti Valmennuksen tiloissa. Info koskee toukokuussa 19.\u201325. j\u00e4rjestett\u00e4v\u00e4\u00e4 Mental Health Art Week 2025 -tapahtumaviikkoa. Ty\u00f6pajan yhteydess\u00e4 pohdimme my\u00f6s taiteen ja luovuuden merkityst\u00e4 hyvinvointiin. Ty\u00f6pajassa...","og_url":"https:\/\/kalenteri.niemikoti.fi\/en\/tapahtuma\/mental-health-art-week-info-tyopaja\/","og_site_name":"Tapahtumakalenteri","article_modified_time":"2025-04-08T09:32:02+00:00","og_image":[{"width":1080,"height":1350,"url":"https:\/\/kalenteri.niemikoti.fi\/wp-content\/uploads\/sites\/24\/2025\/03\/mentalhealthartweek2025.png","type":"image\/png"}],"twitter_card":"summary_large_image","twitter_misc":{"Est. reading time":"1 minute"},"schema":{"@context":"https:\/\/schema.org","@graph":[{"@type":"WebPage","@id":"https:\/\/kalenteri.niemikoti.fi\/en\/tapahtuma\/mental-health-art-week-info-tyopaja\/","url":"https:\/\/kalenteri.niemikoti.fi\/en\/tapahtuma\/mental-health-art-week-info-tyopaja\/","name":"Mental Health Art Week: Info &amp; Ty\u00f6paja - Tapahtumakalenteri","isPartOf":{"@id":"https:\/\/kalenteri.niemikoti.fi\/en\/#website"},"primaryImageOfPage":{"@id":"https:\/\/kalenteri.niemikoti.fi\/en\/tapahtuma\/mental-health-art-week-info-tyopaja\/#primaryimage"},"image":{"@id":"https:\/\/kalenteri.niemikoti.fi\/en\/tapahtuma\/mental-health-art-week-info-tyopaja\/#primaryimage"},"thumbnailUrl":"https:\/\/kalenteri.niemikoti.fi\/wp-content\/uploads\/2025\/03\/mentalhealthartweek2025.png","datePublished":"2025-03-27T08:37:07+00:00","dateModified":"2025-04-08T09:32:02+00:00","breadcrumb":{"@id":"https:\/\/kalenteri.niemikoti.fi\/en\/tapahtuma\/mental-health-art-week-info-tyopaja\/#breadcrumb"},"inLanguage":"en-US","potentialAction":[{"@type":"ReadAction","target":["https:\/\/kalenteri.niemikoti.fi\/en\/tapahtuma\/mental-health-art-week-info-tyopaja\/"]}]},{"@type":"ImageObject","inLanguage":"en-US","@id":"https:\/\/kalenteri.niemikoti.fi\/en\/tapahtuma\/mental-health-art-week-info-tyopaja\/#primaryimage","url":"https:\/\/kalenteri.niemikoti.fi\/wp-content\/uploads\/2025\/03\/mentalhealthartweek2025.png","contentUrl":"https:\/\/kalenteri.niemikoti.fi\/wp-content\/uploads\/2025\/03\/mentalhealthartweek2025.png","width":1080,"height":1350},{"@type":"BreadcrumbList","@id":"https:\/\/kalenteri.niemikoti.fi\/en\/tapahtuma\/mental-health-art-week-info-tyopaja\/#breadcrumb","itemListElement":[{"@type":"ListItem","position":1,"name":"Home","item":"https:\/\/kalenteri.niemikoti.fi\/en\/"},{"@type":"ListItem","position":2,"name":"Events","item":"https:\/\/kalenteri.niemikoti.fi\/en\/tapahtumat\/"},{"@type":"ListItem","position":3,"name":"Mental Health Art Week: Info &amp; Ty\u00f6paja"}]},{"@type":"WebSite","@id":"https:\/\/kalenteri.niemikoti.fi\/en\/#website","url":"https:\/\/kalenteri.niemikoti.fi\/en\/","name":"Tapahtumakalenteri","description":"Niemikotis\u00e4\u00e4ti\u00f6n tapahtumat palvelujen k\u00e4ytt\u00e4jille","publisher":{"@id":"https:\/\/kalenteri.niemikoti.fi\/en\/#organization"},"potentialAction":[{"@type":"SearchAction","target":{"@type":"EntryPoint","urlTemplate":"https:\/\/kalenteri.niemikoti.fi\/en\/?s={search_term_string}"},"query-input":{"@type":"PropertyValueSpecification","valueRequired":true,"valueName":"search_term_string"}}],"inLanguage":"en-US"},{"@type":"Organization","@id":"https:\/\/kalenteri.niemikoti.fi\/en\/#organization","name":"Tapahtumakalenteri","url":"https:\/\/kalenteri.niemikoti.fi\/en\/","logo":{"@type":"ImageObject","inLanguage":"en-US","@id":"https:\/\/kalenteri.niemikoti.fi\/en\/#\/schema\/logo\/image\/","url":"https:\/\/kalenteri.niemikoti.fi\/wp-content\/uploads\/2024\/01\/niemikoti-paraspaikkatoipua.png","contentUrl":"https:\/\/kalenteri.niemikoti.fi\/wp-content\/uploads\/2024\/01\/niemikoti-paraspaikkatoipua.png","width":751,"height":337,"caption":"Tapahtumakalenteri"},"image":{"@id":"https:\/\/kalenteri.niemikoti.fi\/en\/#\/schema\/logo\/image\/"}}]}},"taxonomy_info":{"post_tag":[{"value":61,"label":"Avoin toiminta"},{"value":47,"label":"K\u00e4dentaidot"},{"value":74,"label":"KAIKILLE"},{"value":60,"label":"Ty\u00f6paja"}],"tribe_events_cat":[{"value":38,"label":"Valtti Valmennus"}]},"featured_image_src_large":["https:\/\/kalenteri.niemikoti.fi\/wp-content\/uploads\/2025\/03\/mentalhealthartweek2025-819x1024.png",819,1024,true],"author_info":{"display_name":"Saana Koskimaa","author_link":"https:\/\/kalenteri.niemikoti.fi\/en\/author\/saana-koskimaaniemikoti-fi\/"},"comment_info":"","_links":{"self":[{"href":"https:\/\/kalenteri.niemikoti.fi\/en\/wp-json\/wp\/v2\/tribe_events\/7593","targetHints":{"allow":["GET"]}}],"collection":[{"href":"https:\/\/kalenteri.niemikoti.fi\/en\/wp-json\/wp\/v2\/tribe_events"}],"about":[{"href":"https:\/\/kalenteri.niemikoti.fi\/en\/wp-json\/wp\/v2\/types\/tribe_events"}],"author":[{"embeddable":true,"href":"https:\/\/kalenteri.niemikoti.fi\/en\/wp-json\/wp\/v2\/users\/218"}],"version-history":[{"count":2,"href":"https:\/\/kalenteri.niemikoti.fi\/en\/wp-json\/wp\/v2\/tribe_events\/7593\/revisions"}],"predecessor-version":[{"id":7605,"href":"https:\/\/kalenteri.niemikoti.fi\/en\/wp-json\/wp\/v2\/tribe_events\/7593\/revisions\/7605"}],"wp:featuredmedia":[{"embeddable":true,"href":"https:\/\/kalenteri.niemikoti.fi\/en\/wp-json\/wp\/v2\/media\/7596"}],"wp:attachment":[{"href":"https:\/\/kalenteri.niemikoti.fi\/en\/wp-json\/wp\/v2\/media?parent=7593"}],"wp:term":[{"taxonomy":"post_tag","embeddable":true,"href":"https:\/\/kalenteri.niemikoti.fi\/en\/wp-json\/wp\/v2\/tags?post=7593"},{"taxonomy":"tribe_events_cat","embeddable":true,"href":"https:\/\/kalenteri.niemikoti.fi\/en\/wp-json\/wp\/v2\/tribe_events_cat?post=7593"}],"curies":[{"name":"wp","href":"https:\/\/api.w.org\/{rel}","templated":true}]}}